{"id":56,"date":"2023-10-30T13:48:40","date_gmt":"2023-10-30T12:48:40","guid":{"rendered":"https:\/\/kw2.ddev.site\/su-impuesto-a-la-iglesia-ayuda-a-muchos\/"},"modified":"2026-01-22T15:11:12","modified_gmt":"2026-01-22T14:11:12","slug":"su-impuesto-a-la-iglesia-ayuda-a-muchos","status":"publish","type":"page","link":"https:\/\/kirche-wirkt.ch\/es\/","title":{"rendered":"La iglesia ayuda"},"content":{"rendered":"<div class=\"indy-block-video\">\n  <video id=\"responsiveVideo\" width=\"100%\" autoplay loop muted playsinline>\n    <source\n      src=\"https:\/\/kirche-wirkt.ch\/wp-content\/uploads\/2025\/02\/Kirchensteuer-wirkt_ES_Desktop_schmaler.mp4\"\n      type=\"video\/mp4\"\n      data-desktop=\"https:\/\/kirche-wirkt.ch\/wp-content\/uploads\/2025\/02\/Kirchensteuer-wirkt_ES_Desktop_schmaler.mp4\"\n      data-mobile=\"https:\/\/kirche-wirkt.ch\/wp-content\/uploads\/2024\/12\/Kirchensteuer-wirkt_ES_Mobile.mp4\">\n    Ihr Browser unterst\u00fctzt kein HTML5-Video.\n  <\/video>\n<\/div>\n\n\n<div class=\"indy-block-slider\">\n  <script src=\"https:\/\/unpkg.com\/@dotlottie\/player-component@latest\/dist\/dotlottie-player.mjs\" type=\"module\"><\/script>\n  <div class=\"container-xxl position-relative\">\n    <div class=\"indy-block-slider-inner\">\n              <div class=\"indy-block-slider-item\">\n                    <div class=\"indy-block-slider-item-top\">\n            <?xml version=\"1.0\" encoding=\"utf-8\"?>\n<!-- Generator: Adobe Illustrator 28.0.0, SVG Export Plug-In . SVG Version: 6.00 Build 0)  -->\n<svg version=\"1.1\" id=\"a\" xmlns=\"http:\/\/www.w3.org\/2000\/svg\" xmlns:xlink=\"http:\/\/www.w3.org\/1999\/xlink\" x=\"0px\" y=\"0px\"\n\t viewBox=\"0 0 214 125\" style=\"enable-background:new 0 0 214 125;\" xml:space=\"preserve\">\n<style type=\"text\/css\">\n\t.st0{fill:#D90016;}\n<\/style>\n<path id=\"b\" class=\"st0\" d=\"M0,125c0.7-8.5,2.6-13.7,5.6-21.6c3.1-8.1,7.1-15.8,11.8-23.1c8.4-13.2,19.9-26.5,34.1-39.6\n\tC68.6,25.3,87.2,11.6,107,0c19.4,11.5,38.4,25,55.1,40.1c14.1,12.9,25.5,26,34,39c4.7,7.2,8.8,14.8,11.9,22.8\n\tc3.1,7.3,5.2,15.2,6,23.1C214,125,0,125,0,125z\"\/>\n<\/svg>\n          <\/div>\n          <div class=\"indy-block-slider-item-image-wrapper\">\n                          <picture>\n                <source srcset=\"https:\/\/kirche-wirkt.ch\/wp-content\/uploads\/2024\/12\/01_Soziales_und_Solidaritaet-500x0-c-default.webp\" type=\"image\/webp\">\n                <img decoding=\"async\" class=\"indy-block-slider-item-image\" src=\"https:\/\/kirche-wirkt.ch\/wp-content\/uploads\/2024\/12\/01_Soziales_und_Solidaritaet-500x0-c-default.jpg\" alt=\"\">\n              <\/picture>\n                      <\/div>\n          <div class=\"indy-block-slider-item-content\">\n            <a href=\"https:\/\/www.kirche-wirkt.ch\/es\/sociales-y-solidaridad\/\" class=\"indy-block-slider-item-link btn btn-primary\">Sociales y solidaridad<\/a>\n            <div class=\"indy-block-slider-item-previewtext\">\n              <img decoding=\"async\" class=\"indy-block-slider-item-previewtext-top\" src=\"https:\/\/kirche-wirkt.ch\/wp-content\/themes\/indy-kirchensteuer-wirkt\/assets\/img\/shapes\/window-primary-top.svg\" alt=\"\">\n              <p class=\"indy-block-slider-item-previewtext-content\">En el cant\u00f3n de Z\u00farich tambi\u00e9n hay pobres y marginados. A ellos van dirigidos nuestros servicios sociales, porque servir al pr\u00f3jimo es nuestro primer y fundamental deber.<\/p>\n            <\/div>\n          <\/div>\n        <\/div>\n              <div class=\"indy-block-slider-item\">\n                    <div class=\"indy-block-slider-item-top\">\n            <?xml version=\"1.0\" encoding=\"utf-8\"?>\n<!-- Generator: Adobe Illustrator 28.0.0, SVG Export Plug-In . SVG Version: 6.00 Build 0)  -->\n<svg version=\"1.1\" id=\"a\" xmlns=\"http:\/\/www.w3.org\/2000\/svg\" xmlns:xlink=\"http:\/\/www.w3.org\/1999\/xlink\" x=\"0px\" y=\"0px\"\n\t viewBox=\"0 0 214 125\" style=\"enable-background:new 0 0 214 125;\" xml:space=\"preserve\">\n<style type=\"text\/css\">\n\t.st0{fill:#D90016;}\n<\/style>\n<path id=\"b\" class=\"st0\" d=\"M0,125c0.7-8.5,2.6-13.7,5.6-21.6c3.1-8.1,7.1-15.8,11.8-23.1c8.4-13.2,19.9-26.5,34.1-39.6\n\tC68.6,25.3,87.2,11.6,107,0c19.4,11.5,38.4,25,55.1,40.1c14.1,12.9,25.5,26,34,39c4.7,7.2,8.8,14.8,11.9,22.8\n\tc3.1,7.3,5.2,15.2,6,23.1C214,125,0,125,0,125z\"\/>\n<\/svg>\n          <\/div>\n          <div class=\"indy-block-slider-item-image-wrapper\">\n                          <picture>\n                <source srcset=\"https:\/\/kirche-wirkt.ch\/wp-content\/uploads\/2024\/12\/06_Kinder_Jugendliche_und_junge_Erwachsene-500x0-c-default.webp\" type=\"image\/webp\">\n                <img decoding=\"async\" class=\"indy-block-slider-item-image\" src=\"https:\/\/kirche-wirkt.ch\/wp-content\/uploads\/2024\/12\/06_Kinder_Jugendliche_und_junge_Erwachsene-500x0-c-default.jpg\" alt=\"\">\n              <\/picture>\n                      <\/div>\n          <div class=\"indy-block-slider-item-content\">\n            <a href=\"https:\/\/www.kirche-wirkt.ch\/es\/ninos-jovenes-jovenes-adultos\/\" class=\"indy-block-slider-item-link btn btn-primary\">Ni\u00f1os, j\u00f3venes, j\u00f3venes adultos<\/a>\n            <div class=\"indy-block-slider-item-previewtext\">\n              <img decoding=\"async\" class=\"indy-block-slider-item-previewtext-top\" src=\"https:\/\/kirche-wirkt.ch\/wp-content\/themes\/indy-kirchensteuer-wirkt\/assets\/img\/shapes\/window-primary-top.svg\" alt=\"\">\n              <p class=\"indy-block-slider-item-previewtext-content\">Una infancia despreocupada y los contactos sociales ayudan a los j\u00f3venes a afrontar mejor la vida cotidiana cuando son adultos.No siempre tienen estas oportunidades en casa.<\/p>\n            <\/div>\n          <\/div>\n        <\/div>\n              <div class=\"indy-block-slider-item\">\n                    <div class=\"indy-block-slider-item-top\">\n            <?xml version=\"1.0\" encoding=\"utf-8\"?>\n<!-- Generator: Adobe Illustrator 28.0.0, SVG Export Plug-In . SVG Version: 6.00 Build 0)  -->\n<svg version=\"1.1\" id=\"a\" xmlns=\"http:\/\/www.w3.org\/2000\/svg\" xmlns:xlink=\"http:\/\/www.w3.org\/1999\/xlink\" x=\"0px\" y=\"0px\"\n\t viewBox=\"0 0 214 125\" style=\"enable-background:new 0 0 214 125;\" xml:space=\"preserve\">\n<style type=\"text\/css\">\n\t.st0{fill:#D90016;}\n<\/style>\n<path id=\"b\" class=\"st0\" d=\"M0,125c0.7-8.5,2.6-13.7,5.6-21.6c3.1-8.1,7.1-15.8,11.8-23.1c8.4-13.2,19.9-26.5,34.1-39.6\n\tC68.6,25.3,87.2,11.6,107,0c19.4,11.5,38.4,25,55.1,40.1c14.1,12.9,25.5,26,34,39c4.7,7.2,8.8,14.8,11.9,22.8\n\tc3.1,7.3,5.2,15.2,6,23.1C214,125,0,125,0,125z\"\/>\n<\/svg>\n          <\/div>\n          <div class=\"indy-block-slider-item-image-wrapper\">\n                          <picture>\n                <source srcset=\"https:\/\/kirche-wirkt.ch\/wp-content\/uploads\/2024\/12\/05_Kultur-500x0-c-default.webp\" type=\"image\/webp\">\n                <img decoding=\"async\" class=\"indy-block-slider-item-image\" src=\"https:\/\/kirche-wirkt.ch\/wp-content\/uploads\/2024\/12\/05_Kultur-500x0-c-default.jpg\" alt=\"\">\n              <\/picture>\n                      <\/div>\n          <div class=\"indy-block-slider-item-content\">\n            <a href=\"https:\/\/www.kirche-wirkt.ch\/es\/cultura\/\" class=\"indy-block-slider-item-link btn btn-primary\">Cultura<\/a>\n            <div class=\"indy-block-slider-item-previewtext\">\n              <img decoding=\"async\" class=\"indy-block-slider-item-previewtext-top\" src=\"https:\/\/kirche-wirkt.ch\/wp-content\/themes\/indy-kirchensteuer-wirkt\/assets\/img\/shapes\/window-primary-top.svg\" alt=\"\">\n              <p class=\"indy-block-slider-item-previewtext-content\">El teatro, los conciertos, las exposiciones y las pel\u00edculas ofrecen la oportunidad de participar en la vida social. Esta participaci\u00f3n fortalece a las personas como individuos.<\/p>\n            <\/div>\n          <\/div>\n        <\/div>\n              <div class=\"indy-block-slider-item\">\n                    <div class=\"indy-block-slider-item-top\">\n            <?xml version=\"1.0\" encoding=\"utf-8\"?>\n<!-- Generator: Adobe Illustrator 28.0.0, SVG Export Plug-In . SVG Version: 6.00 Build 0)  -->\n<svg version=\"1.1\" id=\"a\" xmlns=\"http:\/\/www.w3.org\/2000\/svg\" xmlns:xlink=\"http:\/\/www.w3.org\/1999\/xlink\" x=\"0px\" y=\"0px\"\n\t viewBox=\"0 0 214 125\" style=\"enable-background:new 0 0 214 125;\" xml:space=\"preserve\">\n<style type=\"text\/css\">\n\t.st0{fill:#D90016;}\n<\/style>\n<path id=\"b\" class=\"st0\" d=\"M0,125c0.7-8.5,2.6-13.7,5.6-21.6c3.1-8.1,7.1-15.8,11.8-23.1c8.4-13.2,19.9-26.5,34.1-39.6\n\tC68.6,25.3,87.2,11.6,107,0c19.4,11.5,38.4,25,55.1,40.1c14.1,12.9,25.5,26,34,39c4.7,7.2,8.8,14.8,11.9,22.8\n\tc3.1,7.3,5.2,15.2,6,23.1C214,125,0,125,0,125z\"\/>\n<\/svg>\n          <\/div>\n          <div class=\"indy-block-slider-item-image-wrapper\">\n                          <picture>\n                <source srcset=\"https:\/\/kirche-wirkt.ch\/wp-content\/uploads\/2024\/12\/04_Oekologie_und_Nachhaltigkeit-500x0-c-default.webp\" type=\"image\/webp\">\n                <img decoding=\"async\" class=\"indy-block-slider-item-image\" src=\"https:\/\/kirche-wirkt.ch\/wp-content\/uploads\/2024\/12\/04_Oekologie_und_Nachhaltigkeit-500x0-c-default.jpg\" alt=\"\">\n              <\/picture>\n                      <\/div>\n          <div class=\"indy-block-slider-item-content\">\n            <a href=\"https:\/\/www.kirche-wirkt.ch\/es\/ecologia-y-sostenibilidad\/\" class=\"indy-block-slider-item-link btn btn-primary\">Ecolog\u00eda y sostenibilidad<\/a>\n            <div class=\"indy-block-slider-item-previewtext\">\n              <img decoding=\"async\" class=\"indy-block-slider-item-previewtext-top\" src=\"https:\/\/kirche-wirkt.ch\/wp-content\/themes\/indy-kirchensteuer-wirkt\/assets\/img\/shapes\/window-primary-top.svg\" alt=\"\">\n              <p class=\"indy-block-slider-item-previewtext-content\">En el camino hacia una iglesia clim\u00e1ticamente neutra, las parroquias, los organismos especializados y la iglesia cantonal deben actuar de forma sostenible. Promovemos medidas de protecci\u00f3n del clima y sostenibilidad.<\/p>\n            <\/div>\n          <\/div>\n        <\/div>\n              <div class=\"indy-block-slider-item\">\n                    <div class=\"indy-block-slider-item-top\">\n            <?xml version=\"1.0\" encoding=\"utf-8\"?>\n<!-- Generator: Adobe Illustrator 28.0.0, SVG Export Plug-In . SVG Version: 6.00 Build 0)  -->\n<svg version=\"1.1\" id=\"a\" xmlns=\"http:\/\/www.w3.org\/2000\/svg\" xmlns:xlink=\"http:\/\/www.w3.org\/1999\/xlink\" x=\"0px\" y=\"0px\"\n\t viewBox=\"0 0 214 125\" style=\"enable-background:new 0 0 214 125;\" xml:space=\"preserve\">\n<style type=\"text\/css\">\n\t.st0{fill:#D90016;}\n<\/style>\n<path id=\"b\" class=\"st0\" d=\"M0,125c0.7-8.5,2.6-13.7,5.6-21.6c3.1-8.1,7.1-15.8,11.8-23.1c8.4-13.2,19.9-26.5,34.1-39.6\n\tC68.6,25.3,87.2,11.6,107,0c19.4,11.5,38.4,25,55.1,40.1c14.1,12.9,25.5,26,34,39c4.7,7.2,8.8,14.8,11.9,22.8\n\tc3.1,7.3,5.2,15.2,6,23.1C214,125,0,125,0,125z\"\/>\n<\/svg>\n          <\/div>\n          <div class=\"indy-block-slider-item-image-wrapper\">\n                          <picture>\n                <source srcset=\"https:\/\/kirche-wirkt.ch\/wp-content\/uploads\/2024\/12\/08_Bildung-500x0-c-default.webp\" type=\"image\/webp\">\n                <img decoding=\"async\" class=\"indy-block-slider-item-image\" src=\"https:\/\/kirche-wirkt.ch\/wp-content\/uploads\/2024\/12\/08_Bildung-500x0-c-default.jpg\" alt=\"\">\n              <\/picture>\n                      <\/div>\n          <div class=\"indy-block-slider-item-content\">\n            <a href=\"https:\/\/www.kirche-wirkt.ch\/es\/formacion\/\" class=\"indy-block-slider-item-link btn btn-primary\">Formaci\u00f3n<\/a>\n            <div class=\"indy-block-slider-item-previewtext\">\n              <img decoding=\"async\" class=\"indy-block-slider-item-previewtext-top\" src=\"https:\/\/kirche-wirkt.ch\/wp-content\/themes\/indy-kirchensteuer-wirkt\/assets\/img\/shapes\/window-primary-top.svg\" alt=\"\">\n              <p class=\"indy-block-slider-item-previewtext-content\">La gente est\u00e1 sedienta de conocimientos y busca respuestas a preguntas con sentido. Apoyamos y promovemos instituciones educativas, programas de formaci\u00f3n y perfeccionamiento y actos informativos.<\/p>\n            <\/div>\n          <\/div>\n        <\/div>\n              <div class=\"indy-block-slider-item\">\n                    <div class=\"indy-block-slider-item-top\">\n            <?xml version=\"1.0\" encoding=\"utf-8\"?>\n<!-- Generator: Adobe Illustrator 28.0.0, SVG Export Plug-In . SVG Version: 6.00 Build 0)  -->\n<svg version=\"1.1\" id=\"a\" xmlns=\"http:\/\/www.w3.org\/2000\/svg\" xmlns:xlink=\"http:\/\/www.w3.org\/1999\/xlink\" x=\"0px\" y=\"0px\"\n\t viewBox=\"0 0 214 125\" style=\"enable-background:new 0 0 214 125;\" xml:space=\"preserve\">\n<style type=\"text\/css\">\n\t.st0{fill:#D90016;}\n<\/style>\n<path id=\"b\" class=\"st0\" d=\"M0,125c0.7-8.5,2.6-13.7,5.6-21.6c3.1-8.1,7.1-15.8,11.8-23.1c8.4-13.2,19.9-26.5,34.1-39.6\n\tC68.6,25.3,87.2,11.6,107,0c19.4,11.5,38.4,25,55.1,40.1c14.1,12.9,25.5,26,34,39c4.7,7.2,8.8,14.8,11.9,22.8\n\tc3.1,7.3,5.2,15.2,6,23.1C214,125,0,125,0,125z\"\/>\n<\/svg>\n          <\/div>\n          <div class=\"indy-block-slider-item-image-wrapper\">\n                          <picture>\n                <source srcset=\"https:\/\/kirche-wirkt.ch\/wp-content\/uploads\/2024\/12\/07_Gremien_Liegenschaften_und_Verwaltung-500x0-c-default.webp\" type=\"image\/webp\">\n                <img decoding=\"async\" class=\"indy-block-slider-item-image\" src=\"https:\/\/kirche-wirkt.ch\/wp-content\/uploads\/2024\/12\/07_Gremien_Liegenschaften_und_Verwaltung-500x0-c-default.jpg\" alt=\"\">\n              <\/picture>\n                      <\/div>\n          <div class=\"indy-block-slider-item-content\">\n            <a href=\"https:\/\/www.kirche-wirkt.ch\/es\/asociaciones-propiedades-administracion\/\" class=\"indy-block-slider-item-link btn btn-primary\">Asociaciones, propiedades, administraci\u00f3n<\/a>\n            <div class=\"indy-block-slider-item-previewtext\">\n              <img decoding=\"async\" class=\"indy-block-slider-item-previewtext-top\" src=\"https:\/\/kirche-wirkt.ch\/wp-content\/themes\/indy-kirchensteuer-wirkt\/assets\/img\/shapes\/window-primary-top.svg\" alt=\"\">\n              <p class=\"indy-block-slider-item-previewtext-content\">Los capellanes profesionales y los laicos comprometidos, las autoridades y los \u00f3rganos electos tienen una responsabilidad conjunta. S\u00f3lo juntos podemos crear programas que beneficien a las personas.<\/p>\n            <\/div>\n          <\/div>\n        <\/div>\n              <div class=\"indy-block-slider-item\">\n                    <div class=\"indy-block-slider-item-top\">\n            <?xml version=\"1.0\" encoding=\"utf-8\"?>\n<!-- Generator: Adobe Illustrator 28.0.0, SVG Export Plug-In . SVG Version: 6.00 Build 0)  -->\n<svg version=\"1.1\" id=\"a\" xmlns=\"http:\/\/www.w3.org\/2000\/svg\" xmlns:xlink=\"http:\/\/www.w3.org\/1999\/xlink\" x=\"0px\" y=\"0px\"\n\t viewBox=\"0 0 214 125\" style=\"enable-background:new 0 0 214 125;\" xml:space=\"preserve\">\n<style type=\"text\/css\">\n\t.st0{fill:#D90016;}\n<\/style>\n<path id=\"b\" class=\"st0\" d=\"M0,125c0.7-8.5,2.6-13.7,5.6-21.6c3.1-8.1,7.1-15.8,11.8-23.1c8.4-13.2,19.9-26.5,34.1-39.6\n\tC68.6,25.3,87.2,11.6,107,0c19.4,11.5,38.4,25,55.1,40.1c14.1,12.9,25.5,26,34,39c4.7,7.2,8.8,14.8,11.9,22.8\n\tc3.1,7.3,5.2,15.2,6,23.1C214,125,0,125,0,125z\"\/>\n<\/svg>\n          <\/div>\n          <div class=\"indy-block-slider-item-image-wrapper\">\n                          <picture>\n                <source srcset=\"https:\/\/kirche-wirkt.ch\/wp-content\/uploads\/2024\/12\/03_Migrantenseelsorge-500x0-c-default.webp\" type=\"image\/webp\">\n                <img decoding=\"async\" class=\"indy-block-slider-item-image\" src=\"https:\/\/kirche-wirkt.ch\/wp-content\/uploads\/2024\/12\/03_Migrantenseelsorge-500x0-c-default.jpg\" alt=\"\">\n              <\/picture>\n                      <\/div>\n          <div class=\"indy-block-slider-item-content\">\n            <a href=\"https:\/\/www.kirche-wirkt.ch\/es\/pastoral-de-inmigrantes-e-integracion\/\" class=\"indy-block-slider-item-link btn btn-primary\">Pastoral de inmigrantes e integraci\u00f3n<\/a>\n            <div class=\"indy-block-slider-item-previewtext\">\n              <img decoding=\"async\" class=\"indy-block-slider-item-previewtext-top\" src=\"https:\/\/kirche-wirkt.ch\/wp-content\/themes\/indy-kirchensteuer-wirkt\/assets\/img\/shapes\/window-primary-top.svg\" alt=\"\">\n              <p class=\"indy-block-slider-item-previewtext-content\">Como Iglesia cat\u00f3lica multicolor, somos un pedazo de hogar en un pa\u00eds extranjero. Este es el mejor requisito para una integraci\u00f3n exitosa. Innumerables iniciativas enriquecen nuestra uni\u00f3n.<\/p>\n            <\/div>\n          <\/div>\n        <\/div>\n              <div class=\"indy-block-slider-item\">\n                    <div class=\"indy-block-slider-item-top\">\n            <?xml version=\"1.0\" encoding=\"utf-8\"?>\n<!-- Generator: Adobe Illustrator 28.0.0, SVG Export Plug-In . SVG Version: 6.00 Build 0)  -->\n<svg version=\"1.1\" id=\"a\" xmlns=\"http:\/\/www.w3.org\/2000\/svg\" xmlns:xlink=\"http:\/\/www.w3.org\/1999\/xlink\" x=\"0px\" y=\"0px\"\n\t viewBox=\"0 0 214 125\" style=\"enable-background:new 0 0 214 125;\" xml:space=\"preserve\">\n<style type=\"text\/css\">\n\t.st0{fill:#D90016;}\n<\/style>\n<path id=\"b\" class=\"st0\" d=\"M0,125c0.7-8.5,2.6-13.7,5.6-21.6c3.1-8.1,7.1-15.8,11.8-23.1c8.4-13.2,19.9-26.5,34.1-39.6\n\tC68.6,25.3,87.2,11.6,107,0c19.4,11.5,38.4,25,55.1,40.1c14.1,12.9,25.5,26,34,39c4.7,7.2,8.8,14.8,11.9,22.8\n\tc3.1,7.3,5.2,15.2,6,23.1C214,125,0,125,0,125z\"\/>\n<\/svg>\n          <\/div>\n          <div class=\"indy-block-slider-item-image-wrapper\">\n                          <picture>\n                <source srcset=\"https:\/\/kirche-wirkt.ch\/wp-content\/uploads\/2024\/12\/02_Seelsorge_und_Gottesdienst-500x0-c-default.webp\" type=\"image\/webp\">\n                <img decoding=\"async\" class=\"indy-block-slider-item-image\" src=\"https:\/\/kirche-wirkt.ch\/wp-content\/uploads\/2024\/12\/02_Seelsorge_und_Gottesdienst-500x0-c-default.jpg\" alt=\"\">\n              <\/picture>\n                      <\/div>\n          <div class=\"indy-block-slider-item-content\">\n            <a href=\"https:\/\/www.kirche-wirkt.ch\/es\/atencion-pastoral-y-celebraciones-religiosas\/\" class=\"indy-block-slider-item-link btn btn-primary\">Atenci\u00f3n pastoral y celebraciones religiosas<\/a>\n            <div class=\"indy-block-slider-item-previewtext\">\n              <img decoding=\"async\" class=\"indy-block-slider-item-previewtext-top\" src=\"https:\/\/kirche-wirkt.ch\/wp-content\/themes\/indy-kirchensteuer-wirkt\/assets\/img\/shapes\/window-primary-top.svg\" alt=\"\">\n              <p class=\"indy-block-slider-item-previewtext-content\">Estamos all\u00ed donde la gente nos necesita. Las iglesias del cant\u00f3n de Z\u00farich son lugares solemnes. Pero nuestras actividades no se limitan a las iglesias.<\/p>\n            <\/div>\n          <\/div>\n        <\/div>\n          <\/div>\n    <div class=\"indy-block-slider-previous-arrow\"><\/div>\n    <div class=\"indy-block-slider-next-arrow\"><\/div>\n  <\/div>\n<\/div>\n<button id=\"scroll-down\" class=\"scroll-down-slider\"><\/button>\n\n\n<div class=\"indy-block-teaser\">\n  <div class=\"container-xxl\">\n   <h2 class=\"teaser-title col-lg-5\">\n     \u00bfPor qu\u00e9 es necesario el impuesto eclesi\u00e1stico?\n   <\/h2>\n   <div class=\"row align-items-center\">\n     <div class=\"col-xl-4 col-lg-3 col-12\">\n       <div class=\"teaser-left\">\n         <a class=\"teaser-left-link\" href=\"https:\/\/www.kirche-wirkt.ch\/es\/declaraciones\/\"><h2 class=\"teaser-left-title\">Declaraciones<\/h2><\/a>\n       <\/div>\n     <\/div>\n     <div class=\"col-xl-4 col-lg-6 col-12 order-lg-0 order-first\">\n       <p class=\"teaser-middle\">Nosotros ayudamos a los que m\u00e1s lo necesitan. La Iglesia cat\u00f3lica de Z\u00farich invierte alrededor de 50 millones de francos en proyectos sociales y organizaciones para ayudar a las personas necesitadas. <br \/>\r\n<br \/>\r\nEstamos all\u00ed donde las personas nos requieren. Regalamos nuestro tiempo y escuchamos a todos aquellos que lo necesitan. <br \/>\r\n<br \/>\r\nAcompa\u00f1amos a las personas en los buenos y en los malos momentos de la vida, desde el primero hasta el \u00faltimo. La Iglesia cat\u00f3lica est\u00e1 presente en los momentos m\u00e1s significativos de la vida. <br \/>\r\n<br \/>\r\nNuestras puertas est\u00e1n abiertas para todos y en todo momento. Creamos espacios donde las personas se congregan y viven en comunidad.<\/p>\n     <\/div>\n     <div class=\"col-xl-4 col-lg-3 col-12\">\n       <div class=\"teaser-right\">\n         <a class=\"teaser-right-link\" href=\"https:\/\/www.kirche-wirkt.ch\/es\/contacto-y-puntos-de-contacto\/\"><h2 class=\"teaser-right-title\">Contacto y puntos de contacto<\/h2><\/a>\n       <\/div>\n     <\/div>\n   <\/div>\n  <\/div>\n<\/div>\n","protected":false},"excerpt":{"rendered":"","protected":false},"author":1,"featured_media":0,"parent":0,"menu_order":0,"comment_status":"closed","ping_status":"closed","template":"","meta":{"_acf_changed":false,"inline_featured_image":false,"footnotes":""},"class_list":["post-56","page","type-page","status-publish","hentry"],"acf":[],"yoast_head":"<!-- This site is optimized with the Yoast SEO plugin v27.3 - https:\/\/yoast.com\/product\/yoast-seo-wordpress\/ -->\n<title>La iglesia ayuda - Kirche Wirkt<\/title>\n<meta name=\"robots\" content=\"index, follow, max-snippet:-1, max-image-preview:large, max-video-preview:-1\" \/>\n<link rel=\"canonical\" href=\"https:\/\/kirche-wirkt.ch\/es\/\" \/>\n<meta property=\"og:locale\" content=\"es_ES\" \/>\n<meta property=\"og:type\" content=\"article\" \/>\n<meta property=\"og:title\" content=\"La iglesia ayuda - Kirche Wirkt\" \/>\n<meta property=\"og:url\" content=\"https:\/\/kirche-wirkt.ch\/es\/\" \/>\n<meta property=\"og:site_name\" content=\"Kirche Wirkt\" \/>\n<meta property=\"article:modified_time\" content=\"2026-01-22T14:11:12+00:00\" \/>\n<meta name=\"twitter:card\" content=\"summary_large_image\" \/>\n<script type=\"application\/ld+json\" class=\"yoast-schema-graph\">{\"@context\":\"https:\\\/\\\/schema.org\",\"@graph\":[{\"@type\":\"WebPage\",\"@id\":\"https:\\\/\\\/kirche-wirkt.ch\\\/es\\\/\",\"url\":\"https:\\\/\\\/kirche-wirkt.ch\\\/es\\\/\",\"name\":\"La iglesia ayuda - Kirche Wirkt\",\"isPartOf\":{\"@id\":\"https:\\\/\\\/kirche-wirkt.ch\\\/#website\"},\"datePublished\":\"2023-10-30T12:48:40+00:00\",\"dateModified\":\"2026-01-22T14:11:12+00:00\",\"breadcrumb\":{\"@id\":\"https:\\\/\\\/kirche-wirkt.ch\\\/es\\\/#breadcrumb\"},\"inLanguage\":\"es-ES\",\"potentialAction\":[{\"@type\":\"ReadAction\",\"target\":[\"https:\\\/\\\/kirche-wirkt.ch\\\/es\\\/\"]}]},{\"@type\":\"BreadcrumbList\",\"@id\":\"https:\\\/\\\/kirche-wirkt.ch\\\/es\\\/#breadcrumb\",\"itemListElement\":[{\"@type\":\"ListItem\",\"position\":1,\"name\":\"Startseite\",\"item\":\"https:\\\/\\\/kirche-wirkt.ch\\\/es\\\/\"},{\"@type\":\"ListItem\",\"position\":2,\"name\":\"La iglesia ayuda\"}]},{\"@type\":\"WebSite\",\"@id\":\"https:\\\/\\\/kirche-wirkt.ch\\\/#website\",\"url\":\"https:\\\/\\\/kirche-wirkt.ch\\\/\",\"name\":\"Kirche Wirkt\",\"description\":\"\",\"potentialAction\":[{\"@type\":\"SearchAction\",\"target\":{\"@type\":\"EntryPoint\",\"urlTemplate\":\"https:\\\/\\\/kirche-wirkt.ch\\\/?s={search_term_string}\"},\"query-input\":{\"@type\":\"PropertyValueSpecification\",\"valueRequired\":true,\"valueName\":\"search_term_string\"}}],\"inLanguage\":\"es-ES\"}]}<\/script>\n<!-- \/ Yoast SEO plugin. -->","yoast_head_json":{"title":"La iglesia ayuda - Kirche Wirkt","robots":{"index":"index","follow":"follow","max-snippet":"max-snippet:-1","max-image-preview":"max-image-preview:large","max-video-preview":"max-video-preview:-1"},"canonical":"https:\/\/kirche-wirkt.ch\/es\/","og_locale":"es_ES","og_type":"article","og_title":"La iglesia ayuda - Kirche Wirkt","og_url":"https:\/\/kirche-wirkt.ch\/es\/","og_site_name":"Kirche Wirkt","article_modified_time":"2026-01-22T14:11:12+00:00","twitter_card":"summary_large_image","schema":{"@context":"https:\/\/schema.org","@graph":[{"@type":"WebPage","@id":"https:\/\/kirche-wirkt.ch\/es\/","url":"https:\/\/kirche-wirkt.ch\/es\/","name":"La iglesia ayuda - Kirche Wirkt","isPartOf":{"@id":"https:\/\/kirche-wirkt.ch\/#website"},"datePublished":"2023-10-30T12:48:40+00:00","dateModified":"2026-01-22T14:11:12+00:00","breadcrumb":{"@id":"https:\/\/kirche-wirkt.ch\/es\/#breadcrumb"},"inLanguage":"es-ES","potentialAction":[{"@type":"ReadAction","target":["https:\/\/kirche-wirkt.ch\/es\/"]}]},{"@type":"BreadcrumbList","@id":"https:\/\/kirche-wirkt.ch\/es\/#breadcrumb","itemListElement":[{"@type":"ListItem","position":1,"name":"Startseite","item":"https:\/\/kirche-wirkt.ch\/es\/"},{"@type":"ListItem","position":2,"name":"La iglesia ayuda"}]},{"@type":"WebSite","@id":"https:\/\/kirche-wirkt.ch\/#website","url":"https:\/\/kirche-wirkt.ch\/","name":"Kirche Wirkt","description":"","potentialAction":[{"@type":"SearchAction","target":{"@type":"EntryPoint","urlTemplate":"https:\/\/kirche-wirkt.ch\/?s={search_term_string}"},"query-input":{"@type":"PropertyValueSpecification","valueRequired":true,"valueName":"search_term_string"}}],"inLanguage":"es-ES"}]}},"_links":{"self":[{"href":"https:\/\/kirche-wirkt.ch\/es\/wp-json\/wp\/v2\/pages\/56","targetHints":{"allow":["GET"]}}],"collection":[{"href":"https:\/\/kirche-wirkt.ch\/es\/wp-json\/wp\/v2\/pages"}],"about":[{"href":"https:\/\/kirche-wirkt.ch\/es\/wp-json\/wp\/v2\/types\/page"}],"author":[{"embeddable":true,"href":"https:\/\/kirche-wirkt.ch\/es\/wp-json\/wp\/v2\/users\/1"}],"replies":[{"embeddable":true,"href":"https:\/\/kirche-wirkt.ch\/es\/wp-json\/wp\/v2\/comments?post=56"}],"version-history":[{"count":12,"href":"https:\/\/kirche-wirkt.ch\/es\/wp-json\/wp\/v2\/pages\/56\/revisions"}],"predecessor-version":[{"id":1525,"href":"https:\/\/kirche-wirkt.ch\/es\/wp-json\/wp\/v2\/pages\/56\/revisions\/1525"}],"wp:attachment":[{"href":"https:\/\/kirche-wirkt.ch\/es\/wp-json\/wp\/v2\/media?parent=56"}],"curies":[{"name":"wp","href":"https:\/\/api.w.org\/{rel}","templated":true}]}}